{"version":"1.0","provider_name":"C\u00f3rdoba es Solidaria","provider_url":"https:\/\/sevilla.abc.es\/andalucia\/cordoba\/cordobaessolidaria","author_name":"Roc\u00edo Linares","author_url":"https:\/\/sevilla.abc.es\/andalucia\/cordoba\/cordobaessolidaria\/author\/rlinares\/","title":"Asociaci\u00f3n ANIDA &bull; C\u00f3rdoba es Solidaria","type":"rich","width":600,"height":338,"html":"<blockquote class=\"wp-embedded-content\" data-secret=\"zxdYAgroXG\"><a href=\"https:\/\/sevilla.abc.es\/andalucia\/cordoba\/cordobaessolidaria\/fichas\/asociaciones\/asociacion-anida\/\">Asociaci\u00f3n ANIDA<\/a><\/blockquote><iframe sandbox=\"allow-scripts\" security=\"restricted\" src=\"https:\/\/sevilla.abc.es\/andalucia\/cordoba\/cordobaessolidaria\/fichas\/asociaciones\/asociacion-anida\/embed\/#?secret=zxdYAgroXG\" width=\"600\" height=\"338\" title=\"&#8220;Asociaci\u00f3n ANIDA&#8221; &#8212; C\u00f3rdoba es Solidaria\" data-secret=\"zxdYAgroXG\" frameborder=\"0\" marginwidth=\"0\" marginheight=\"0\" scrolling=\"no\" class=\"wp-embedded-content\"><\/iframe><script>\n\/*! This file is auto-generated *\/\n!function(c,d){\"use strict\";var e=!1,o=!1;if(d.querySelector)if(c.addEventListener)e=!0;if(c.wp=c.wp||{},!c.wp.receiveEmbedMessage)if(c.wp.receiveEmbedMessage=function(e){var t=e.data;if(t)if(t.secret||t.message||t.value)if(!\/[^a-zA-Z0-9]\/.test(t.secret)){for(var r,a,i,s=d.querySelectorAll('iframe[data-secret=\"'+t.secret+'\"]'),n=d.querySelectorAll('blockquote[data-secret=\"'+t.secret+'\"]'),o=0;o<n.length;o++)n[o].style.display=\"none\";for(o=0;o<s.length;o++)if(r=s[o],e.source===r.contentWindow){if(r.removeAttribute(\"style\"),\"height\"===t.message){if(1e3<(i=parseInt(t.value,10)))i=1e3;else if(~~i<200)i=200;r.height=i}if(\"link\"===t.message)if(a=d.createElement(\"a\"),i=d.createElement(\"a\"),a.href=r.getAttribute(\"src\"),i.href=t.value,i.host===a.host)if(d.activeElement===r)c.top.location.href=t.value}}},e)c.addEventListener(\"message\",c.wp.receiveEmbedMessage,!1),d.addEventListener(\"DOMContentLoaded\",t,!1),c.addEventListener(\"load\",t,!1);function t(){if(!o){o=!0;for(var e,t,r,a=-1!==navigator.appVersion.indexOf(\"MSIE 10\"),i=!!navigator.userAgent.match(\/Trident.*rv:11\\.\/),s=d.querySelectorAll(\"iframe.wp-embedded-content\"),n=0;n<s.length;n++){if(!(r=(t=s[n]).getAttribute(\"data-secret\")))r=Math.random().toString(36).substr(2,10),t.src+=\"#?secret=\"+r,t.setAttribute(\"data-secret\",r);if(a||i)(e=t.cloneNode(!0)).removeAttribute(\"security\"),t.parentNode.replaceChild(e,t);t.contentWindow.postMessage({message:\"ready\",secret:r},\"*\")}}}}(window,document);\n<\/script>\n","description":"&nbsp; Para tratar de paliar, en la mayor medida posible, los efectos negativos del accidente nuclear de Chern\u00f3bil, nace en C\u00f3rdoba, en Septiembre de 2.000, la Asociaci\u00f3n ANIDA, cuyo principal objetivo es gestionar y organizar la estancia temporal de menores bielorrusos afectados por la cat\u00e1strofe de Chern\u00f3bil en familias andaluzas en periodo estival,\u00a0 benefici\u00e1ndose as\u00ed, &hellip; Continuar leyendo \"\""}